{"id":3580,"date":"2023-08-24T21:07:06","date_gmt":"2023-08-24T19:07:06","guid":{"rendered":"http:\/\/cupertino.es\/_proyectos\/focu\/2023\/?page_id=3580"},"modified":"2023-10-16T20:10:04","modified_gmt":"2023-10-16T23:10:04","slug":"marcos","status":"publish","type":"page","link":"http:\/\/cupertino.es\/_proyectos\/focu\/2023\/accesorios\/marcos\/","title":{"rendered":"MARCOS"},"content":{"rendered":"\t\t<div data-elementor-type=\"wp-page\" data-elementor-id=\"3580\" class=\"elementor elementor-3580\" data-elementor-post-type=\"page\">\n\t\t\t\t\t\t<section class=\"elementor-section elementor-top-section elementor-element elementor-element-06f147b elementor-section-boxed elementor-section-height-default elementor-section-height-default\" data-id=\"06f147b\" data-element_type=\"section\" data-settings=\"{&quot;jet_parallax_layout_list&quot;:[]}\">\n\t\t\t\t\t\t<div class=\"elementor-container elementor-column-gap-default\">\n\t\t\t\t\t<div class=\"elementor-column elementor-col-100 elementor-top-column elementor-element elementor-element-a47aea8\" data-id=\"a47aea8\" data-element_type=\"column\">\n\t\t\t<div class=\"elementor-widget-wrap elementor-element-populated\">\n\t\t\t\t\t\t<div class=\"elementor-element elementor-element-19dc9cc elementor-widget elementor-widget-heading\" data-id=\"19dc9cc\" data-element_type=\"widget\" data-widget_type=\"heading.default\">\n\t\t\t\t<div class=\"elementor-widget-container\">\n\t\t\t<h2 class=\"elementor-heading-title elementor-size-default\">MARCOS FOCU<\/h2>\t\t<\/div>\n\t\t\t\t<\/div>\n\t\t\t\t\t<\/div>\n\t\t<\/div>\n\t\t\t\t\t<\/div>\n\t\t<\/section>\n\t\t\t\t<section class=\"elementor-section elementor-top-section elementor-element elementor-element-cac4165 elementor-section-boxed elementor-section-height-default elementor-section-height-default\" data-id=\"cac4165\" data-element_type=\"section\" data-settings=\"{&quot;jet_parallax_layout_list&quot;:[]}\">\n\t\t\t\t\t\t<div class=\"elementor-container elementor-column-gap-default\">\n\t\t\t\t\t<div class=\"elementor-column elementor-col-100 elementor-top-column elementor-element elementor-element-4e2c1f5\" data-id=\"4e2c1f5\" data-element_type=\"column\">\n\t\t\t<div class=\"elementor-widget-wrap elementor-element-populated\">\n\t\t\t\t\t\t<div class=\"elementor-element elementor-element-556cbba raven-products-add-to-cart-button-outside raven-products-columns--mobile-count-1 raven-products-gerenal-layout-grid raven-products-content-layout-under-image raven-products-columns--count-3 raven-title-show raven-price-show raven-atc-button-show raven-sale-badge-show raven-oos-badge-show raven-quick-view-show raven-attribute-swatches-show box-alignment-center elementor-widget elementor-widget-raven-wc-products\" data-id=\"556cbba\" data-element_type=\"widget\" data-settings=\"{&quot;layout&quot;:&quot;custom&quot;,&quot;show_all_products&quot;:&quot;yes&quot;,&quot;pc_atc_button_location&quot;:&quot;outside&quot;,&quot;query_orderby&quot;:&quot;rand&quot;,&quot;columns_custom_mobile&quot;:&quot;1&quot;,&quot;view_as&quot;:&quot;column&quot;,&quot;general_layout&quot;:&quot;grid&quot;,&quot;content_layout&quot;:&quot;under-image&quot;,&quot;columns_custom&quot;:&quot;3&quot;,&quot;pc_atc_button_icon&quot;:{&quot;value&quot;:&quot;&quot;,&quot;library&quot;:&quot;&quot;}}\" data-widget_type=\"raven-wc-products.default\">\n\t\t\t\t<div class=\"elementor-widget-container\">\n\t\t\t\t\t<div\n\t\t\tclass=\"raven-wc-products-wrapper raven-wc-products-custom\"\n\t\t\tdata-settings=\"{&quot;layout&quot;:&quot;custom&quot;,&quot;total_pages&quot;:1,&quot;image_size&quot;:&quot;full&quot;}\"\n\t\t\tdata-query=\"{&quot;\\u0000*\\u0000type&quot;:&quot;products&quot;,&quot;\\u0000*\\u0000attributes&quot;:{&quot;limit&quot;:&quot;-1&quot;,&quot;columns&quot;:&quot;3&quot;,&quot;rows&quot;:null,&quot;orderby&quot;:&quot;rand&quot;,&quot;order&quot;:null,&quot;ids&quot;:&quot;&quot;,&quot;skus&quot;:&quot;&quot;,&quot;category&quot;:&quot;151&quot;,&quot;cat_operator&quot;:&quot;IN&quot;,&quot;attribute&quot;:&quot;&quot;,&quot;terms&quot;:&quot;&quot;,&quot;terms_operator&quot;:&quot;IN&quot;,&quot;tag&quot;:&quot;&quot;,&quot;tag_operator&quot;:&quot;IN&quot;,&quot;visibility&quot;:&quot;visible&quot;,&quot;class&quot;:&quot;&quot;,&quot;page&quot;:1,&quot;paginate&quot;:false,&quot;cache&quot;:true},&quot;\\u0000*\\u0000query_args&quot;:{&quot;post_type&quot;:&quot;product&quot;,&quot;post_status&quot;:&quot;publish&quot;,&quot;ignore_sticky_posts&quot;:true,&quot;no_found_rows&quot;:false,&quot;orderby&quot;:&quot;rand&quot;,&quot;order&quot;:&quot;ASC&quot;,&quot;posts_per_page&quot;:-1,&quot;meta_query&quot;:[],&quot;tax_query&quot;:[{&quot;taxonomy&quot;:&quot;product_visibility&quot;,&quot;field&quot;:&quot;term_taxonomy_id&quot;,&quot;terms&quot;:[6],&quot;operator&quot;:&quot;NOT IN&quot;},{&quot;taxonomy&quot;:&quot;product_cat&quot;,&quot;terms&quot;:[151],&quot;field&quot;:&quot;term_id&quot;,&quot;operator&quot;:&quot;IN&quot;,&quot;include_children&quot;:true}],&quot;suppress_filters&quot;:false,&quot;jet_smart_filters&quot;:&quot;woocommerce-shortcode\\\/default&quot;,&quot;fields&quot;:&quot;ids&quot;},&quot;\\u0000*\\u0000custom_visibility&quot;:false,&quot;fallback_filter&quot;:null}\"\n\t\t\t\t\t>\n\t\t\t<h2 class=\"raven-wc-products-title\"><\/h2><div class=\"woocommerce columns-3 \"><ul class=\"products columns-3\">\n<li class=\"product type-product post-5340 status-publish first instock product_cat-marcos product_tag-fotos product_tag-marcos product_tag-portaretratos has-post-thumbnail shipping-taxable purchasable product-type-simple\">\n\t<div class=\"jupiterx-products-wrapper \"><div class=\"jupiterx-product-container  \" data-product-id=\"5340\"><a href=\"http:\/\/cupertino.es\/_proyectos\/focu\/2023\/producto\/marco-con-foto-10x10\/\" class=\"woocommerce-LoopProduct-link woocommerce-loop-product__link\"><div class=jupiterx-wc-loop-product-image-wrapper><a href=http:\/\/cupertino.es\/_proyectos\/focu\/2023\/producto\/marco-con-foto-10x10\/><div class=\"jupiterx-wc-loop-product-image raven-image-fit\"><div class=\"raven-product-image-overlay\"><\/div><img fetchpriority=\"high\" decoding=\"async\" width=\"1250\" height=\"1250\" src=\"http:\/\/cupertino.es\/_proyectos\/focu\/2023\/wp-content\/uploads\/2023\/10\/Marco10x10_Mesa-de-trabajo-1.jpg\" class=\"attachment-full size-full\" alt=\"\" \/><\/div><\/a><\/div><a href=\"http:\/\/cupertino.es\/_proyectos\/focu\/2023\/producto\/marco-con-foto-10x10\/\" class=\"woocommerce-LoopProduct-link woocommerce-loop-product__link\"><\/a><a href=\"?add-to-cart=5340\" aria-describedby=\"woocommerce_loop_add_to_cart_link_describedby_5340\" data-quantity=\"1\" class=\"button product_type_simple add_to_cart_button ajax_add_to_cart\" data-product_id=\"5340\" data-product_sku=\"\" aria-label=\"Add to cart: &ldquo;MARCO 10X10 COLORES&rdquo;\" rel=\"nofollow\" data-success_message=\"&ldquo;MARCO 10X10 COLORES&rdquo; has been added to your cart\"> Add to cart<\/a>\t<span id=\"woocommerce_loop_add_to_cart_link_describedby_5340\" class=\"screen-reader-text\">\n\t\t\t<\/span>\n<\/div><\/div><\/a><\/li>\n<li class=\"product type-product post-5376 status-publish instock product_cat-marcos product_tag-collage product_tag-fotos product_tag-marcos product_tag-portaretratos has-post-thumbnail shipping-taxable purchasable product-type-simple\">\n\t<div class=\"jupiterx-products-wrapper \"><div class=\"jupiterx-product-container  \" data-product-id=\"5376\"><a href=\"http:\/\/cupertino.es\/_proyectos\/focu\/2023\/producto\/marco-28x38cm\/\" class=\"woocommerce-LoopProduct-link woocommerce-loop-product__link\"><div class=jupiterx-wc-loop-product-image-wrapper><a href=http:\/\/cupertino.es\/_proyectos\/focu\/2023\/producto\/marco-28x38cm\/><div class=\"jupiterx-wc-loop-product-image raven-image-fit\"><div class=\"raven-product-image-overlay\"><\/div><img decoding=\"async\" width=\"1250\" height=\"1250\" src=\"http:\/\/cupertino.es\/_proyectos\/focu\/2023\/wp-content\/uploads\/2023\/10\/Marco-Madera_Horizontal_28x38cm_Negro_Mesa-de-trabajo-1.jpg\" class=\"attachment-full size-full\" alt=\"\" \/><\/div><\/a><\/div><a href=\"http:\/\/cupertino.es\/_proyectos\/focu\/2023\/producto\/marco-28x38cm\/\" class=\"woocommerce-LoopProduct-link woocommerce-loop-product__link\"><\/a><a href=\"?add-to-cart=5376\" aria-describedby=\"woocommerce_loop_add_to_cart_link_describedby_5376\" data-quantity=\"1\" class=\"button product_type_simple add_to_cart_button ajax_add_to_cart\" data-product_id=\"5376\" data-product_sku=\"\" aria-label=\"Add to cart: &ldquo;MARCO 28X38&rdquo;\" rel=\"nofollow\" data-success_message=\"&ldquo;MARCO 28X38&rdquo; has been added to your cart\"> Add to cart<\/a>\t<span id=\"woocommerce_loop_add_to_cart_link_describedby_5376\" class=\"screen-reader-text\">\n\t\t\t<\/span>\n<\/div><\/div><\/a><\/li>\n<li class=\"product type-product post-5383 status-publish last instock product_cat-marcos product_tag-collage product_tag-fotos product_tag-marcos product_tag-portaretratos has-post-thumbnail shipping-taxable purchasable product-type-simple\">\n\t<div class=\"jupiterx-products-wrapper \"><div class=\"jupiterx-product-container  \" data-product-id=\"5383\"><a href=\"http:\/\/cupertino.es\/_proyectos\/focu\/2023\/producto\/marco-vertical-28x38cm\/\" class=\"woocommerce-LoopProduct-link woocommerce-loop-product__link\"><div class=jupiterx-wc-loop-product-image-wrapper><a href=http:\/\/cupertino.es\/_proyectos\/focu\/2023\/producto\/marco-vertical-28x38cm\/><div class=\"jupiterx-wc-loop-product-image raven-image-fit\"><div class=\"raven-product-image-overlay\"><\/div><img decoding=\"async\" width=\"1250\" height=\"1250\" src=\"http:\/\/cupertino.es\/_proyectos\/focu\/2023\/wp-content\/uploads\/2023\/10\/Marco-Madera_Horizontal_28x38cm_Blanco_Vertical_Mesa-de-trabajo-1.jpg\" class=\"attachment-full size-full\" alt=\"\" \/><\/div><\/a><\/div><a href=\"http:\/\/cupertino.es\/_proyectos\/focu\/2023\/producto\/marco-vertical-28x38cm\/\" class=\"woocommerce-LoopProduct-link woocommerce-loop-product__link\"><\/a><a href=\"?add-to-cart=5383\" aria-describedby=\"woocommerce_loop_add_to_cart_link_describedby_5383\" data-quantity=\"1\" class=\"button product_type_simple add_to_cart_button ajax_add_to_cart\" data-product_id=\"5383\" data-product_sku=\"\" aria-label=\"Add to cart: &ldquo;MARCO VERTICAL 28X38&rdquo;\" rel=\"nofollow\" data-success_message=\"&ldquo;MARCO VERTICAL 28X38&rdquo; has been added to your cart\"> Add to cart<\/a>\t<span id=\"woocommerce_loop_add_to_cart_link_describedby_5383\" class=\"screen-reader-text\">\n\t\t\t<\/span>\n<\/div><\/div><\/a><\/li>\n<li class=\"product type-product post-5392 status-publish first instock product_cat-marcos product_tag-collage product_tag-fotos product_tag-marcos product_tag-portaretratos has-post-thumbnail shipping-taxable purchasable product-type-simple\">\n\t<div class=\"jupiterx-products-wrapper \"><div class=\"jupiterx-product-container  \" data-product-id=\"5392\"><a href=\"http:\/\/cupertino.es\/_proyectos\/focu\/2023\/producto\/marco-30x40-2\/\" class=\"woocommerce-LoopProduct-link woocommerce-loop-product__link\"><div class=jupiterx-wc-loop-product-image-wrapper><a href=http:\/\/cupertino.es\/_proyectos\/focu\/2023\/producto\/marco-30x40-2\/><div class=\"jupiterx-wc-loop-product-image raven-image-fit\"><div class=\"raven-product-image-overlay\"><\/div><img loading=\"lazy\" decoding=\"async\" width=\"1250\" height=\"1250\" src=\"http:\/\/cupertino.es\/_proyectos\/focu\/2023\/wp-content\/uploads\/2023\/10\/Marco-30x40-para-foto-15x20_Negro_Mesa-de-trabajo-1.jpg\" class=\"attachment-full size-full\" alt=\"\" \/><\/div><\/a><\/div><a href=\"http:\/\/cupertino.es\/_proyectos\/focu\/2023\/producto\/marco-30x40-2\/\" class=\"woocommerce-LoopProduct-link woocommerce-loop-product__link\"><\/a><a href=\"?add-to-cart=5392\" aria-describedby=\"woocommerce_loop_add_to_cart_link_describedby_5392\" data-quantity=\"1\" class=\"button product_type_simple add_to_cart_button ajax_add_to_cart\" data-product_id=\"5392\" data-product_sku=\"\" aria-label=\"Add to cart: &ldquo;MARCO 30X40&rdquo;\" rel=\"nofollow\" data-success_message=\"&ldquo;MARCO 30X40&rdquo; has been added to your cart\"> Add to cart<\/a>\t<span id=\"woocommerce_loop_add_to_cart_link_describedby_5392\" class=\"screen-reader-text\">\n\t\t\t<\/span>\n<\/div><\/div><\/a><\/li>\n<li class=\"product type-product post-5388 status-publish instock product_cat-marcos product_tag-collage product_tag-fotos product_tag-marcos product_tag-portaretratos has-post-thumbnail shipping-taxable purchasable product-type-simple\">\n\t<div class=\"jupiterx-products-wrapper \"><div class=\"jupiterx-product-container  \" data-product-id=\"5388\"><a href=\"http:\/\/cupertino.es\/_proyectos\/focu\/2023\/producto\/marco-30x40\/\" class=\"woocommerce-LoopProduct-link woocommerce-loop-product__link\"><div class=jupiterx-wc-loop-product-image-wrapper><a href=http:\/\/cupertino.es\/_proyectos\/focu\/2023\/producto\/marco-30x40\/><div class=\"jupiterx-wc-loop-product-image raven-image-fit\"><div class=\"raven-product-image-overlay\"><\/div><img loading=\"lazy\" decoding=\"async\" width=\"1250\" height=\"1250\" src=\"http:\/\/cupertino.es\/_proyectos\/focu\/2023\/wp-content\/uploads\/2023\/10\/Marco-30x40-para-foto-15x20_Mesa-de-trabajo-1.jpg\" class=\"attachment-full size-full\" alt=\"\" \/><\/div><\/a><\/div><a href=\"http:\/\/cupertino.es\/_proyectos\/focu\/2023\/producto\/marco-30x40\/\" class=\"woocommerce-LoopProduct-link woocommerce-loop-product__link\"><\/a><a href=\"?add-to-cart=5388\" aria-describedby=\"woocommerce_loop_add_to_cart_link_describedby_5388\" data-quantity=\"1\" class=\"button product_type_simple add_to_cart_button ajax_add_to_cart\" data-product_id=\"5388\" data-product_sku=\"\" aria-label=\"Add to cart: &ldquo;MARCO 30X40&rdquo;\" rel=\"nofollow\" data-success_message=\"&ldquo;MARCO 30X40&rdquo; has been added to your cart\"> Add to cart<\/a>\t<span id=\"woocommerce_loop_add_to_cart_link_describedby_5388\" class=\"screen-reader-text\">\n\t\t\t<\/span>\n<\/div><\/div><\/a><\/li>\n<li class=\"product type-product post-5355 status-publish last instock product_cat-marcos product_tag-collage product_tag-fotos product_tag-marcos product_tag-portaretratos has-post-thumbnail shipping-taxable purchasable product-type-simple\">\n\t<div class=\"jupiterx-products-wrapper \"><div class=\"jupiterx-product-container  \" data-product-id=\"5355\"><a href=\"http:\/\/cupertino.es\/_proyectos\/focu\/2023\/producto\/marco-multiple-30x40\/\" class=\"woocommerce-LoopProduct-link woocommerce-loop-product__link\"><div class=jupiterx-wc-loop-product-image-wrapper><a href=http:\/\/cupertino.es\/_proyectos\/focu\/2023\/producto\/marco-multiple-30x40\/><div class=\"jupiterx-wc-loop-product-image raven-image-fit\"><div class=\"raven-product-image-overlay\"><\/div><img loading=\"lazy\" decoding=\"async\" width=\"1250\" height=\"1250\" src=\"http:\/\/cupertino.es\/_proyectos\/focu\/2023\/wp-content\/uploads\/2023\/10\/Marco-Madera_Multiple_30x40_Negro_Mesa-de-trabajo-1.jpg\" class=\"attachment-full size-full\" alt=\"\" \/><\/div><\/a><\/div><a href=\"http:\/\/cupertino.es\/_proyectos\/focu\/2023\/producto\/marco-multiple-30x40\/\" class=\"woocommerce-LoopProduct-link woocommerce-loop-product__link\"><\/a><a href=\"?add-to-cart=5355\" aria-describedby=\"woocommerce_loop_add_to_cart_link_describedby_5355\" data-quantity=\"1\" class=\"button product_type_simple add_to_cart_button ajax_add_to_cart\" data-product_id=\"5355\" data-product_sku=\"\" aria-label=\"Add to cart: &ldquo;MARCO M\u00daLTIPLE 30X40&rdquo;\" rel=\"nofollow\" data-success_message=\"&ldquo;MARCO M\u00daLTIPLE 30X40&rdquo; has been added to your cart\"> Add to cart<\/a>\t<span id=\"woocommerce_loop_add_to_cart_link_describedby_5355\" class=\"screen-reader-text\">\n\t\t\t<\/span>\n<\/div><\/div><\/a><\/li>\n<li class=\"product type-product post-5360 status-publish first instock product_cat-marcos product_tag-collage product_tag-fotos product_tag-marcos product_tag-portaretratos has-post-thumbnail shipping-taxable purchasable product-type-simple\">\n\t<div class=\"jupiterx-products-wrapper \"><div class=\"jupiterx-product-container  \" data-product-id=\"5360\"><a href=\"http:\/\/cupertino.es\/_proyectos\/focu\/2023\/producto\/marco-multiple-40x40\/\" class=\"woocommerce-LoopProduct-link woocommerce-loop-product__link\"><div class=jupiterx-wc-loop-product-image-wrapper><a href=http:\/\/cupertino.es\/_proyectos\/focu\/2023\/producto\/marco-multiple-40x40\/><div class=\"jupiterx-wc-loop-product-image raven-image-fit\"><div class=\"raven-product-image-overlay\"><\/div><img loading=\"lazy\" decoding=\"async\" width=\"1250\" height=\"1250\" src=\"http:\/\/cupertino.es\/_proyectos\/focu\/2023\/wp-content\/uploads\/2023\/10\/Marco-Madera_Multiple_40x40_Blanco_Mesa-de-trabajo-1.jpg\" class=\"attachment-full size-full\" alt=\"\" \/><\/div><\/a><\/div><a href=\"http:\/\/cupertino.es\/_proyectos\/focu\/2023\/producto\/marco-multiple-40x40\/\" class=\"woocommerce-LoopProduct-link woocommerce-loop-product__link\"><\/a><a href=\"?add-to-cart=5360\" aria-describedby=\"woocommerce_loop_add_to_cart_link_describedby_5360\" data-quantity=\"1\" class=\"button product_type_simple add_to_cart_button ajax_add_to_cart\" data-product_id=\"5360\" data-product_sku=\"\" aria-label=\"Add to cart: &ldquo;MARCO M\u00daLTIPLE 40X40&rdquo;\" rel=\"nofollow\" data-success_message=\"&ldquo;MARCO M\u00daLTIPLE 40X40&rdquo; has been added to your cart\"> Add to cart<\/a>\t<span id=\"woocommerce_loop_add_to_cart_link_describedby_5360\" class=\"screen-reader-text\">\n\t\t\t<\/span>\n<\/div><\/div><\/a><\/li>\n<\/ul>\n<\/div>\t\t<\/div>\n\t\t\t\t<\/div>\n\t\t\t\t<\/div>\n\t\t\t\t\t<\/div>\n\t\t<\/div>\n\t\t\t\t\t<\/div>\n\t\t<\/section>\n\t\t\t\t<\/div>\n\t\t","protected":false},"excerpt":{"rendered":"<p>MARCOS FOCU MARCOS MARCO 30X40 &#36;15,500.00 A\u00f1adir al carrito MARCOS MARCO VERTICAL 28X38 &#36;15,500.00 A\u00f1adir al carrito MARCOS MARCO M\u00daLTIPLE 30X40 &#36;24,500.00 A\u00f1adir al carrito MARCOS MARCO 30X40 &#36;15,500.00 A\u00f1adir al carrito MARCOS MARCO 28X38 &#36;15,500.00 A\u00f1adir al carrito MARCOS MARCO 10X10 COLORES &#36;5,800.00 A\u00f1adir al carrito MARCOS MARCO M\u00daLTIPLE 40X40 &#36;26,100.00 A\u00f1adir al carrito<\/p>\n","protected":false},"author":1,"featured_media":0,"parent":1298,"menu_order":0,"comment_status":"closed","ping_status":"closed","template":"full-width.php","meta":{"_acf_changed":false,"footnotes":""},"class_list":["post-3580","page","type-page","status-publish","hentry"],"acf":[],"_links":{"self":[{"href":"http:\/\/cupertino.es\/_proyectos\/focu\/2023\/wp-json\/wp\/v2\/pages\/3580","targetHints":{"allow":["GET"]}}],"collection":[{"href":"http:\/\/cupertino.es\/_proyectos\/focu\/2023\/wp-json\/wp\/v2\/pages"}],"about":[{"href":"http:\/\/cupertino.es\/_proyectos\/focu\/2023\/wp-json\/wp\/v2\/types\/page"}],"author":[{"embeddable":true,"href":"http:\/\/cupertino.es\/_proyectos\/focu\/2023\/wp-json\/wp\/v2\/users\/1"}],"replies":[{"embeddable":true,"href":"http:\/\/cupertino.es\/_proyectos\/focu\/2023\/wp-json\/wp\/v2\/comments?post=3580"}],"version-history":[{"count":10,"href":"http:\/\/cupertino.es\/_proyectos\/focu\/2023\/wp-json\/wp\/v2\/pages\/3580\/revisions"}],"predecessor-version":[{"id":5396,"href":"http:\/\/cupertino.es\/_proyectos\/focu\/2023\/wp-json\/wp\/v2\/pages\/3580\/revisions\/5396"}],"up":[{"embeddable":true,"href":"http:\/\/cupertino.es\/_proyectos\/focu\/2023\/wp-json\/wp\/v2\/pages\/1298"}],"wp:attachment":[{"href":"http:\/\/cupertino.es\/_proyectos\/focu\/2023\/wp-json\/wp\/v2\/media?parent=3580"}],"curies":[{"name":"wp","href":"https:\/\/api.w.org\/{rel}","templated":true}]}}